{"id":8970,"date":"2026-01-30T08:58:58","date_gmt":"2026-01-30T08:58:58","guid":{"rendered":"https:\/\/shop.radna-odjeca.com\/?post_type=product&#038;p=8970"},"modified":"2026-02-04T08:25:16","modified_gmt":"2026-02-04T08:25:16","slug":"visoke-radne-cipele-sa-zastitnom-kapicom-ardeus-s3l-esd","status":"publish","type":"product","link":"https:\/\/shop.radna-odjeca.com\/en\/product\/visoke-radne-cipele-sa-zastitnom-kapicom-ardeus-s3l-esd\/","title":{"rendered":"Visoke radne cipele sa za\u0161titnom kapicom ARDEUS S3L ESD"},"content":{"rendered":"<p>Gornji\u0161te &#8211; vegan NUVYA SKINYUM\u2122 &#8211; moderno, lagano i izdr\u017eljivo vegansko gornji\u0161te &#8211; prozra\u010dno i otporno na habanje<\/p>\n<p>Podstava \u2013 AEROLYUM\u2122 \u2013 napredna podstava koja omogu\u0107uje maksimalnu udobnost i prozra\u010dnost<\/p>\n<p>Ulo\u017eak \u2013 SOFTYUM\u2122 3D \u2013 trodimenzionalni ulo\u017eak koji se prilago\u0111ava obliku stopala \u2013 izvrsna amortizacija i udobnost<\/p>\n<p>Kapica &#8211; kompozitni LIBERYUM\u2122<\/p>\n<p>Me\u0111upotplat &#8211; FLEXYUM\u2122 &#8211; fleksibilni sloj koji osigurava izvrsnu amortizaciju i udobnost<\/p>\n<p>potplat \u2013 GRIPPER PU.2D sa LEVITARYUM\u2122 tehnologijom \u2013 dvoslojna tabanica s elasti\u010dnim gornjim slojem i \u010drvstom bazom koja pru\u017ea optimalnu udobnost, stabilnost i amortizaciju stopala<\/p>\n<p>Veli\u010dina: 35 &#8211; 48<\/p>\n<p>Norma: EN ISO 20345:2022 S3L FO SR, ESD u skladu s EN IEC 61340-4-3:2018<\/p>\n<p>Rok isporuke &#8211; na upit<\/p>","protected":false},"excerpt":{"rendered":"<article class=\"text-token-text-primary w-full focus:outline-none [--shadow-height:45px] has-data-writing-block:pointer-events-none has-data-writing-block:-mt-(--shadow-height) has-data-writing-block:pt-(--shadow-height) [&amp;:has([data-writing-block])&gt;*]:pointer-events-auto scroll-mt-[calc(var(--header-height)+min(200px,max(70px,20svh)))]\" dir=\"auto\" tabindex=\"-1\" data-turn-id=\"4500c8a3-fe2e-4fa0-82b2-e398f7b25596\" data-testid=\"conversation-turn-2\" data-scroll-anchor=\"false\" data-turn=\"assistant\">\n<div class=\"text-base my-auto mx-auto [--thread-content-margin:--spacing(4)] @w-sm\/main:[--thread-content-margin:--spacing(6)] @w-lg\/main:[--thread-content-margin:--spacing(16)] px-(--thread-content-margin)\">\n<div class=\"[--thread-content-max-width:40rem] @w-lg\/main:[--thread-content-max-width:48rem] mx-auto max-w-(--thread-content-max-width) flex-1 group\/turn-messages focus-visible:outline-hidden relative flex w-full min-w-0 flex-col agent-turn\" tabindex=\"-1\">\n<div class=\"flex max-w-full flex-col grow\">\n<div class=\"min-h-8 text-message relative flex w-full flex-col items-end gap-2 text-start break-words whitespace-normal [.text-message+&amp;]:mt-1\" dir=\"auto\" data-message-author-role=\"assistant\" data-message-id=\"43998a04-dfc4-4926-ad9d-65f25fffe42a\" data-message-model-slug=\"gpt-5-2\">\n<div class=\"flex w-full flex-col gap-1 empty:hidden first:pt-[1px]\">\n<div class=\"markdown prose dark:prose-invert w-full wrap-break-word light markdown-new-styling\">\n<ul>\n<li data-start=\"42\" data-end=\"393\">pru\u017eaju vrhunsku za\u0161titu i udobnost tijekom cijelog radnog dana<\/li>\n<li data-start=\"42\" data-end=\"393\">opremljene su S3L sigurnosnim standardom, ESD za\u0161titom i protukliznim potplatom, \u0161to ih \u010dini idealnima za industrijska, skladi\u0161na i tehni\u010dka okru\u017eenja<\/li>\n<li data-start=\"42\" data-end=\"393\">lagana konstrukcija i moderan dizajn osiguravaju sigurnost bez kompromisa na udobnost<\/li>\n<\/ul>\n<\/div>\n<\/div>\n<\/div>\n<\/div>\n<p>&nbsp;<\/p>\n<\/div>\n<\/div>\n<\/article>\n","protected":false},"featured_media":8986,"template":"","meta":[],"product_brand":[],"product_cat":[72,110],"product_tag":[],"class_list":{"0":"post-8970","1":"product","2":"type-product","3":"status-publish","4":"has-post-thumbnail","6":"product_cat-radna-i-zastitna-obuca","7":"product_cat-radne-cipele","9":"first","10":"instock","11":"taxable","12":"shipping-taxable","13":"purchasable","14":"product-type-variable"},"yoast_head":"<!-- This site is optimized with the Yoast SEO plugin v27.5 - https:\/\/yoast.com\/product\/yoast-seo-wordpress\/ -->\n<title>Visoke radne cipele sa za\u0161titnom kapicom ARDEUS S3L ESD - RADNA ODJE\u0106A<\/title>\n<meta name=\"robots\" content=\"index, follow, max-snippet:-1, max-image-preview:large, max-video-preview:-1\" \/>\n<link rel=\"canonical\" href=\"https:\/\/shop.radna-odjeca.com\/en\/product\/visoke-radne-cipele-sa-zastitnom-kapicom-ardeus-s3l-esd\/\" \/>\n<meta property=\"og:locale\" content=\"en_GB\" \/>\n<meta property=\"og:type\" content=\"article\" \/>\n<meta property=\"og:title\" content=\"Visoke radne cipele sa za\u0161titnom kapicom ARDEUS S3L ESD - RADNA ODJE\u0106A\" \/>\n<meta property=\"og:description\" content=\"pru\u017eaju vrhunsku za\u0161titu i udobnost tijekom cijelog radnog dana  opremljene su S3L sigurnosnim standardom, ESD za\u0161titom i protukliznim potplatom, \u0161to ih \u010dini idealnima za industrijska, skladi\u0161na i tehni\u010dka okru\u017eenja  lagana konstrukcija i moderan dizajn osiguravaju sigurnost bez kompromisa na udobnost      &nbsp;\" \/>\n<meta property=\"og:url\" content=\"https:\/\/shop.radna-odjeca.com\/en\/product\/visoke-radne-cipele-sa-zastitnom-kapicom-ardeus-s3l-esd\/\" \/>\n<meta property=\"og:site_name\" content=\"RADNA ODJE\u0106A\" \/>\n<meta property=\"article:modified_time\" content=\"2026-02-04T08:25:16+00:00\" \/>\n<meta property=\"og:image\" content=\"https:\/\/shop.radna-odjeca.com\/wp-content\/uploads\/2026\/01\/ARDEUS-350-618080-S3L-ESD.jpg\" \/>\n\t<meta property=\"og:image:width\" content=\"1024\" \/>\n\t<meta property=\"og:image:height\" content=\"559\" \/>\n\t<meta property=\"og:image:type\" content=\"image\/jpeg\" \/>\n<meta name=\"twitter:card\" content=\"summary_large_image\" \/>\n<meta name=\"twitter:label1\" content=\"Estimated reading time\" \/>\n\t<meta name=\"twitter:data1\" content=\"1 minute\" \/>\n<script type=\"application\/ld+json\" class=\"yoast-schema-graph\">{\"@context\":\"https:\\\/\\\/schema.org\",\"@graph\":[{\"@type\":\"WebPage\",\"@id\":\"https:\\\/\\\/shop.radna-odjeca.com\\\/product\\\/visoke-radne-cipele-sa-zastitnom-kapicom-ardeus-s3l-esd\\\/\",\"url\":\"https:\\\/\\\/shop.radna-odjeca.com\\\/product\\\/visoke-radne-cipele-sa-zastitnom-kapicom-ardeus-s3l-esd\\\/\",\"name\":\"Visoke radne cipele sa za\u0161titnom kapicom ARDEUS S3L ESD - RADNA ODJE\u0106A\",\"isPartOf\":{\"@id\":\"https:\\\/\\\/shop.radna-odjeca.com\\\/#website\"},\"primaryImageOfPage\":{\"@id\":\"https:\\\/\\\/shop.radna-odjeca.com\\\/product\\\/visoke-radne-cipele-sa-zastitnom-kapicom-ardeus-s3l-esd\\\/#primaryimage\"},\"image\":{\"@id\":\"https:\\\/\\\/shop.radna-odjeca.com\\\/product\\\/visoke-radne-cipele-sa-zastitnom-kapicom-ardeus-s3l-esd\\\/#primaryimage\"},\"thumbnailUrl\":\"https:\\\/\\\/shop.radna-odjeca.com\\\/wp-content\\\/uploads\\\/2026\\\/01\\\/ARDEUS-350-618080-S3L-ESD.jpg\",\"datePublished\":\"2026-01-30T08:58:58+00:00\",\"dateModified\":\"2026-02-04T08:25:16+00:00\",\"breadcrumb\":{\"@id\":\"https:\\\/\\\/shop.radna-odjeca.com\\\/product\\\/visoke-radne-cipele-sa-zastitnom-kapicom-ardeus-s3l-esd\\\/#breadcrumb\"},\"inLanguage\":\"en-GB\",\"potentialAction\":[{\"@type\":\"ReadAction\",\"target\":[\"https:\\\/\\\/shop.radna-odjeca.com\\\/product\\\/visoke-radne-cipele-sa-zastitnom-kapicom-ardeus-s3l-esd\\\/\"]}]},{\"@type\":\"ImageObject\",\"inLanguage\":\"en-GB\",\"@id\":\"https:\\\/\\\/shop.radna-odjeca.com\\\/product\\\/visoke-radne-cipele-sa-zastitnom-kapicom-ardeus-s3l-esd\\\/#primaryimage\",\"url\":\"https:\\\/\\\/shop.radna-odjeca.com\\\/wp-content\\\/uploads\\\/2026\\\/01\\\/ARDEUS-350-618080-S3L-ESD.jpg\",\"contentUrl\":\"https:\\\/\\\/shop.radna-odjeca.com\\\/wp-content\\\/uploads\\\/2026\\\/01\\\/ARDEUS-350-618080-S3L-ESD.jpg\",\"width\":1024,\"height\":559},{\"@type\":\"BreadcrumbList\",\"@id\":\"https:\\\/\\\/shop.radna-odjeca.com\\\/product\\\/visoke-radne-cipele-sa-zastitnom-kapicom-ardeus-s3l-esd\\\/#breadcrumb\",\"itemListElement\":[{\"@type\":\"ListItem\",\"position\":1,\"name\":\"Po\u010detna stranica\",\"item\":\"https:\\\/\\\/shop.radna-odjeca.com\\\/\"},{\"@type\":\"ListItem\",\"position\":2,\"name\":\"Trgovina\",\"item\":\"https:\\\/\\\/shop.radna-odjeca.com\\\/trgovina\\\/\"},{\"@type\":\"ListItem\",\"position\":3,\"name\":\"Visoke radne cipele sa za\u0161titnom kapicom ARDEUS S3L ESD\"}]},{\"@type\":\"WebSite\",\"@id\":\"https:\\\/\\\/shop.radna-odjeca.com\\\/#website\",\"url\":\"https:\\\/\\\/shop.radna-odjeca.com\\\/\",\"name\":\"Jezerinac Webshop\",\"description\":\"RADNA ODJE\u0106A VISOKE KVALITETE\",\"publisher\":{\"@id\":\"https:\\\/\\\/shop.radna-odjeca.com\\\/#organization\"},\"potentialAction\":[{\"@type\":\"SearchAction\",\"target\":{\"@type\":\"EntryPoint\",\"urlTemplate\":\"https:\\\/\\\/shop.radna-odjeca.com\\\/?s={search_term_string}\"},\"query-input\":{\"@type\":\"PropertyValueSpecification\",\"valueRequired\":true,\"valueName\":\"search_term_string\"}}],\"inLanguage\":\"en-GB\"},{\"@type\":\"Organization\",\"@id\":\"https:\\\/\\\/shop.radna-odjeca.com\\\/#organization\",\"name\":\"JEZERINAC Radna odje\u0107a\",\"url\":\"https:\\\/\\\/shop.radna-odjeca.com\\\/\",\"logo\":{\"@type\":\"ImageObject\",\"inLanguage\":\"en-GB\",\"@id\":\"https:\\\/\\\/shop.radna-odjeca.com\\\/#\\\/schema\\\/logo\\\/image\\\/\",\"url\":\"https:\\\/\\\/shop.radna-odjeca.com\\\/wp-content\\\/uploads\\\/2020\\\/04\\\/logo.png\",\"contentUrl\":\"https:\\\/\\\/shop.radna-odjeca.com\\\/wp-content\\\/uploads\\\/2020\\\/04\\\/logo.png\",\"width\":254,\"height\":68,\"caption\":\"JEZERINAC Radna odje\u0107a\"},\"image\":{\"@id\":\"https:\\\/\\\/shop.radna-odjeca.com\\\/#\\\/schema\\\/logo\\\/image\\\/\"}}]}<\/script>\n<!-- \/ Yoast SEO plugin. -->","yoast_head_json":{"title":"Visoke radne cipele sa za\u0161titnom kapicom ARDEUS S3L ESD - RADNA ODJE\u0106A","robots":{"index":"index","follow":"follow","max-snippet":"max-snippet:-1","max-image-preview":"max-image-preview:large","max-video-preview":"max-video-preview:-1"},"canonical":"https:\/\/shop.radna-odjeca.com\/en\/product\/visoke-radne-cipele-sa-zastitnom-kapicom-ardeus-s3l-esd\/","og_locale":"en_GB","og_type":"article","og_title":"Visoke radne cipele sa za\u0161titnom kapicom ARDEUS S3L ESD - RADNA ODJE\u0106A","og_description":"pru\u017eaju vrhunsku za\u0161titu i udobnost tijekom cijelog radnog dana  opremljene su S3L sigurnosnim standardom, ESD za\u0161titom i protukliznim potplatom, \u0161to ih \u010dini idealnima za industrijska, skladi\u0161na i tehni\u010dka okru\u017eenja  lagana konstrukcija i moderan dizajn osiguravaju sigurnost bez kompromisa na udobnost      &nbsp;","og_url":"https:\/\/shop.radna-odjeca.com\/en\/product\/visoke-radne-cipele-sa-zastitnom-kapicom-ardeus-s3l-esd\/","og_site_name":"RADNA ODJE\u0106A","article_modified_time":"2026-02-04T08:25:16+00:00","og_image":[{"width":1024,"height":559,"url":"https:\/\/shop.radna-odjeca.com\/wp-content\/uploads\/2026\/01\/ARDEUS-350-618080-S3L-ESD.jpg","type":"image\/jpeg"}],"twitter_card":"summary_large_image","twitter_misc":{"Estimated reading time":"1 minute"},"schema":{"@context":"https:\/\/schema.org","@graph":[{"@type":"WebPage","@id":"https:\/\/shop.radna-odjeca.com\/product\/visoke-radne-cipele-sa-zastitnom-kapicom-ardeus-s3l-esd\/","url":"https:\/\/shop.radna-odjeca.com\/product\/visoke-radne-cipele-sa-zastitnom-kapicom-ardeus-s3l-esd\/","name":"Visoke radne cipele sa za\u0161titnom kapicom ARDEUS S3L ESD - RADNA ODJE\u0106A","isPartOf":{"@id":"https:\/\/shop.radna-odjeca.com\/#website"},"primaryImageOfPage":{"@id":"https:\/\/shop.radna-odjeca.com\/product\/visoke-radne-cipele-sa-zastitnom-kapicom-ardeus-s3l-esd\/#primaryimage"},"image":{"@id":"https:\/\/shop.radna-odjeca.com\/product\/visoke-radne-cipele-sa-zastitnom-kapicom-ardeus-s3l-esd\/#primaryimage"},"thumbnailUrl":"https:\/\/shop.radna-odjeca.com\/wp-content\/uploads\/2026\/01\/ARDEUS-350-618080-S3L-ESD.jpg","datePublished":"2026-01-30T08:58:58+00:00","dateModified":"2026-02-04T08:25:16+00:00","breadcrumb":{"@id":"https:\/\/shop.radna-odjeca.com\/product\/visoke-radne-cipele-sa-zastitnom-kapicom-ardeus-s3l-esd\/#breadcrumb"},"inLanguage":"en-GB","potentialAction":[{"@type":"ReadAction","target":["https:\/\/shop.radna-odjeca.com\/product\/visoke-radne-cipele-sa-zastitnom-kapicom-ardeus-s3l-esd\/"]}]},{"@type":"ImageObject","inLanguage":"en-GB","@id":"https:\/\/shop.radna-odjeca.com\/product\/visoke-radne-cipele-sa-zastitnom-kapicom-ardeus-s3l-esd\/#primaryimage","url":"https:\/\/shop.radna-odjeca.com\/wp-content\/uploads\/2026\/01\/ARDEUS-350-618080-S3L-ESD.jpg","contentUrl":"https:\/\/shop.radna-odjeca.com\/wp-content\/uploads\/2026\/01\/ARDEUS-350-618080-S3L-ESD.jpg","width":1024,"height":559},{"@type":"BreadcrumbList","@id":"https:\/\/shop.radna-odjeca.com\/product\/visoke-radne-cipele-sa-zastitnom-kapicom-ardeus-s3l-esd\/#breadcrumb","itemListElement":[{"@type":"ListItem","position":1,"name":"Po\u010detna stranica","item":"https:\/\/shop.radna-odjeca.com\/"},{"@type":"ListItem","position":2,"name":"Trgovina","item":"https:\/\/shop.radna-odjeca.com\/trgovina\/"},{"@type":"ListItem","position":3,"name":"Visoke radne cipele sa za\u0161titnom kapicom ARDEUS S3L ESD"}]},{"@type":"WebSite","@id":"https:\/\/shop.radna-odjeca.com\/#website","url":"https:\/\/shop.radna-odjeca.com\/","name":"Jezerinac Webshop","description":"RADNA ODJE\u0106A VISOKE KVALITETE","publisher":{"@id":"https:\/\/shop.radna-odjeca.com\/#organization"},"potentialAction":[{"@type":"SearchAction","target":{"@type":"EntryPoint","urlTemplate":"https:\/\/shop.radna-odjeca.com\/?s={search_term_string}"},"query-input":{"@type":"PropertyValueSpecification","valueRequired":true,"valueName":"search_term_string"}}],"inLanguage":"en-GB"},{"@type":"Organization","@id":"https:\/\/shop.radna-odjeca.com\/#organization","name":"JEZERINAC Radna odje\u0107a","url":"https:\/\/shop.radna-odjeca.com\/","logo":{"@type":"ImageObject","inLanguage":"en-GB","@id":"https:\/\/shop.radna-odjeca.com\/#\/schema\/logo\/image\/","url":"https:\/\/shop.radna-odjeca.com\/wp-content\/uploads\/2020\/04\/logo.png","contentUrl":"https:\/\/shop.radna-odjeca.com\/wp-content\/uploads\/2020\/04\/logo.png","width":254,"height":68,"caption":"JEZERINAC Radna odje\u0107a"},"image":{"@id":"https:\/\/shop.radna-odjeca.com\/#\/schema\/logo\/image\/"}}]}},"_links":{"self":[{"href":"https:\/\/shop.radna-odjeca.com\/en\/wp-json\/wp\/v2\/product\/8970","targetHints":{"allow":["GET"]}}],"collection":[{"href":"https:\/\/shop.radna-odjeca.com\/en\/wp-json\/wp\/v2\/product"}],"about":[{"href":"https:\/\/shop.radna-odjeca.com\/en\/wp-json\/wp\/v2\/types\/product"}],"wp:featuredmedia":[{"embeddable":true,"href":"https:\/\/shop.radna-odjeca.com\/en\/wp-json\/wp\/v2\/media\/8986"}],"wp:attachment":[{"href":"https:\/\/shop.radna-odjeca.com\/en\/wp-json\/wp\/v2\/media?parent=8970"}],"wp:term":[{"taxonomy":"product_brand","embeddable":true,"href":"https:\/\/shop.radna-odjeca.com\/en\/wp-json\/wp\/v2\/product_brand?post=8970"},{"taxonomy":"product_cat","embeddable":true,"href":"https:\/\/shop.radna-odjeca.com\/en\/wp-json\/wp\/v2\/product_cat?post=8970"},{"taxonomy":"product_tag","embeddable":true,"href":"https:\/\/shop.radna-odjeca.com\/en\/wp-json\/wp\/v2\/product_tag?post=8970"}],"curies":[{"name":"wp","href":"https:\/\/api.w.org\/{rel}","templated":true}]}}